
{"id":633,"date":"2022-09-05T19:24:09","date_gmt":"2022-09-05T19:24:09","guid":{"rendered":"https:\/\/szkolanr8.freekru.pl\/?page_id=633"},"modified":"2024-09-09T16:29:02","modified_gmt":"2024-09-09T16:29:02","slug":"o-nas-demo","status":"publish","type":"page","link":"https:\/\/szkolanr8.freekru.pl\/?page_id=633","title":{"rendered":"O naszej szkole"},"content":{"rendered":"\n<h1 class=\"wp-block-heading has-text-align-center\">Historia naszej szko\u0142y<\/h1>\n\n\n\n<figure class=\"wp-block-image\"><img decoding=\"async\" src=\"https:\/\/static.wixstatic.com\/media\/7dc866_a5953eae10f048e5b95cc21b675d7918~mv2.jpg\/v1\/fill\/w_335,h_242,al_c,lg_1,q_80\/images.webp\" alt=\"images.jpg\"\/><\/figure>\n\n\n\n<p>Nasza szko\u0142a powsta\u0142a w roku 1998 i od tego roku jest szko\u0142om prywatn\u0105. Naszym patronem jest najbardziej znany kompozytor Fryderyk Chopin. W naszej szkole s\u0105 jedni z najlepszych pedagog\u00f3w .<\/p>\n\n\n\n<p><\/p>\n\n\n\n<h1 class=\"wp-block-heading has-text-align-center\"><strong><sup>Dyrekcja szko\u0142y<\/sup><\/strong><\/h1>\n\n\n\n<figure class=\"wp-block-table\"><table><tbody><tr><td>Imi\u0119 i nazwisko dyrektora <\/td><td>Funkcja <\/td><\/tr><tr><td>mgr. Mariola Bednarska <\/td><td>Dyrektor szko\u0142y<\/td><\/tr><tr><td>mgr. Maciej Berner <\/td><td>Dyrektor szko\u0142y<\/td><\/tr><tr><td>mgr. Kamil Urbaniak <\/td><td>Wicedyrektor szko\u0142y <\/td><\/tr><\/tbody><\/table><\/figure>\n\n\n\n<h1 class=\"wp-block-heading has-text-align-center\"><sup><strong>Grono Pedagogiczne<\/strong><\/sup><\/h1>\n\n\n\n<figure class=\"wp-block-table\"><table><tbody><tr><td>Imi\u0119 i nazwisko nauczyciela<\/td><td>Przedmiot \/ y <\/td><td>Wychowawstwo<\/td><\/tr><tr><td>mgr. Mariola Bednarska <\/td><td>Wychowanie do \u017cycia w rodzinie<\/td><td><\/td><\/tr><tr><td>mgr. Kamil Urbaniak<\/td><td>Geografia<\/td><td>8a SP8<\/td><\/tr><tr><td>mgr. Krystian Sw\u0119drowski<\/td><td>J\u0119zyk Polski<\/td><td><\/td><\/tr><tr><td>mgr. Andrzej Michalski <\/td><td>Plastyka<\/td><td><\/td><\/tr><tr><td>mgr. Hanna Sobczak <\/td><td>J\u0119zyk Niemiecki<\/td><td>6a SP8<\/td><\/tr><tr><td>mgr. Piotr D\u0119bski <\/td><td>Edukacja dla bezpiecze\u0144stwa<\/td><td>6b SP8<\/td><\/tr><tr><td>mgr. Klaudia Pola\u0144ska <\/td><td>J\u0119zyk Angielski <\/td><td>6c SP8<\/td><\/tr><tr><td>mgr. Gra\u017cyna Palczewska<\/td><td>J\u0119zyk Polski <\/td><td>4a SP8<\/td><\/tr><tr><td>mgr. Maksymilian Laskowski<\/td><td>Wiedza o motoryzacji (zaj\u0119cia dodatkowe) <\/td><td><\/td><\/tr><tr><td>mgr. Jerzy Wi\u0119ckowski<\/td><td>Wiedza o motoryzacji (zaj\u0119cia dodatkowe) <\/td><td><\/td><\/tr><tr><td>mgr. Frank Frey <\/td><td>Wychowanie fizyczne <\/td><td><\/td><\/tr><tr><td>mgr. Ernest Zi\u00f3\u0142kowski <\/td><td>Fizyka<\/td><td>5c SP8<\/td><\/tr><tr><td>mgr. Beata Klinton<\/td><td>Matematyka<\/td><td><\/td><\/tr><tr><td>mgr. Maja Jakubowska<\/td><td>Biologia <\/td><td><\/td><\/tr><tr><td>mgr. Janina Kalska<\/td><td>Informatyka<\/td><td>4c SP8<\/td><\/tr><tr><td>mgr. Maciej Berner<\/td><td>Informatyka <\/td><td><\/td><\/tr><tr><td>mgr. Alicja Osi\u0144ska <\/td><td>J\u0119zyk Angielski <\/td><td><\/td><\/tr><tr><td>mgr. Aleksander Klimek<\/td><td>J\u0119zyk Angielski <\/td><td>5b SP8<\/td><\/tr><tr><td>Ks. Maciej \u015awi\u0105tek <\/td><td>Religia<\/td><td><\/td><\/tr><tr><td>S. Magdalena Fiszer <\/td><td>Religia <\/td><td><\/td><\/tr><tr><td>mgr. Gabriela D\u0105browska <\/td><td>Matematyka<\/td><td><\/td><\/tr><tr><td>mgr. Konrad Wr\u00f3bel <\/td><td>J\u0119zyk Niemiecki, Historia <\/td><td>5a SP8<\/td><\/tr><tr><td>mgr. Marcin Le\u015bniak<\/td><td>Geografia <\/td><td><\/td><\/tr><tr><td>mgr. Iga W\u00f3jcik <\/td><td>Wychowanie fizyczne<\/td><td><\/td><\/tr><tr><td>mgr. Leonard Micha\u0142owski<\/td><td>Wychowanie fizyczne <\/td><td><\/td><\/tr><tr><td>mgr. Jaros\u0142aw Romanowski <\/td><td>Historia <\/td><td>4b SP8<\/td><\/tr><tr><td>mgr. Ma\u0142gorzata Lewi\u0144ska<\/td><td>Psycholog szkolny <\/td><td><\/td><\/tr><tr><td>mgr. Bartosz W\u0142odarczyk <\/td><td>Edukacja wczesnoszkolna <\/td><td><\/td><\/tr><tr><td>mgr. Jakub Nowak <\/td><td>Plastyka <\/td><td><\/td><\/tr><tr><td>mgr. Weronika Nowicka <\/td><td>Muzyka<\/td><td><\/td><\/tr><tr><td>mgr. Zuzanna Tomczak <\/td><td>Technika<\/td><td>8c SP8<\/td><\/tr><tr><td>mgr. Bo\u017cena Szmyk <\/td><td>Chemia <\/td><td>8b SP8<\/td><\/tr><tr><td>mgr. Ma\u0142gorzata Andrzejewska <\/td><td>Matematyka <\/td><td>7c SP8<\/td><\/tr><tr><td>mgr. Emilia Pawlak <\/td><td>Fizyka <\/td><td>7b SP8<\/td><\/tr><tr><td>mgr. Nikola Markiewicz<\/td><td>Wiedza o spo\u0142ecze\u0144stwie <\/td><td>7a SP8<\/td><\/tr><tr><td>mgr. Pawe\u0142 Surman <\/td><td>Geografia <\/td><td><\/td><\/tr><tr><td>mgr. Joanna Kondzio\u0142ka<\/td><td>Chemia <\/td><td><\/td><\/tr><\/tbody><\/table><\/figure>\n\n\n\n<h1 class=\"wp-block-heading has-text-align-center\"><sup><strong>Pracownicy administracji<\/strong><\/sup><\/h1>\n\n\n\n<figure class=\"wp-block-table\"><table><tbody><tr><td>Imi\u0119 i nazwisko pracownika <\/td><td>Funkcja <\/td><\/tr><tr><td>p. Antonina Koz\u0142owska<\/td><td>Konserwator powierzchni p\u0142askich <\/td><\/tr><tr><td>p. Ewelina Soko\u0142owska<\/td><td>Konserwator powierzchni p\u0142askich <\/td><\/tr><tr><td>p. Patrycja J\u00f3zefiak  <\/td><td>Sekretarka <\/td><\/tr><tr><td>p. Blanka Wo\u017aniak <\/td><td>Sekretarka <\/td><\/tr><tr><td>p. Ma\u0142gorzata Karpi\u0144ska <\/td><td>Kierownik biblioteki szkolnej <\/td><\/tr><tr><td>p. Muniek Sikorski <\/td><td>Nauczyciel \u015bwietlicy szkolnej <\/td><\/tr><\/tbody><\/table><\/figure>\n","protected":false},"excerpt":{"rendered":"<p>Historia naszej szko\u0142y Nasza szko\u0142a powsta\u0142a w roku 1998 i od tego roku jest szko\u0142om prywatn\u0105. Naszym patronem jest najbardziej znany kompozytor Fryderyk Chopin. W naszej szkole s\u0105 jedni z najlepszych pedagog\u00f3w . Dyrekcja szko\u0142y Imi\u0119 i nazwisko dyrektora Funkcja mgr. Mariola Bednarska Dyrektor szko\u0142y mgr. Maciej Berner Dyrektor szko\u0142y mgr. Kamil Urbaniak Wicedyrektor szko\u0142y [&hellip;]<\/p>\n","protected":false},"author":1,"featured_media":0,"parent":0,"menu_order":0,"comment_status":"closed","ping_status":"closed","template":"","meta":{"footnotes":""},"class_list":["post-633","page","type-page","status-publish","hentry"],"_links":{"self":[{"href":"https:\/\/szkolanr8.freekru.pl\/index.php?rest_route=\/wp\/v2\/pages\/633","targetHints":{"allow":["GET"]}}],"collection":[{"href":"https:\/\/szkolanr8.freekru.pl\/index.php?rest_route=\/wp\/v2\/pages"}],"about":[{"href":"https:\/\/szkolanr8.freekru.pl\/index.php?rest_route=\/wp\/v2\/types\/page"}],"author":[{"embeddable":true,"href":"https:\/\/szkolanr8.freekru.pl\/index.php?rest_route=\/wp\/v2\/users\/1"}],"replies":[{"embeddable":true,"href":"https:\/\/szkolanr8.freekru.pl\/index.php?rest_route=%2Fwp%2Fv2%2Fcomments&post=633"}],"version-history":[{"count":14,"href":"https:\/\/szkolanr8.freekru.pl\/index.php?rest_route=\/wp\/v2\/pages\/633\/revisions"}],"predecessor-version":[{"id":831,"href":"https:\/\/szkolanr8.freekru.pl\/index.php?rest_route=\/wp\/v2\/pages\/633\/revisions\/831"}],"wp:attachment":[{"href":"https:\/\/szkolanr8.freekru.pl\/index.php?rest_route=%2Fwp%2Fv2%2Fmedia&parent=633"}],"curies":[{"name":"wp","href":"https:\/\/api.w.org\/{rel}","templated":true}]}}